{"id":2,"date":"2023-04-19T11:25:20","date_gmt":"2023-04-19T11:25:20","guid":{"rendered":"https:\/\/dkakord.cz\/hotel\/?page_id=2"},"modified":"2025-09-02T11:38:12","modified_gmt":"2025-09-02T09:38:12","slug":"sample-page","status":"publish","type":"page","link":"https:\/\/dkakord.cz\/hotel\/","title":{"rendered":"Hotel Akord"},"content":{"rendered":"\n<h2 class=\"wp-block-heading main-title\">Nab\u00edz\u00edme<\/h2>\n\n\n<div class=\"wp-bootstrap-blocks-row row block-sluzby gx-5 mb-5\">\n\t\n\n<div class=\"col-12 col-sm-6 col-lg-3 mb-5\">\n\t\t\t\n\n<figure class=\"wp-block-image size-full\"><a href=\"https:\/\/dkakord.cz\/hotel\/rezervace\/\"><img loading=\"lazy\" decoding=\"async\" width=\"320\" height=\"320\" src=\"https:\/\/dkakord.cz\/hotel\/wp-content\/uploads\/2023\/04\/1.jpg\" alt=\"Rezervace\" class=\"wp-image-27\" srcset=\"https:\/\/dkakord.cz\/hotel\/wp-content\/uploads\/2023\/04\/1.jpg 320w, https:\/\/dkakord.cz\/hotel\/wp-content\/uploads\/2023\/04\/1-300x300.jpg 300w, https:\/\/dkakord.cz\/hotel\/wp-content\/uploads\/2023\/04\/1-150x150.jpg 150w\" sizes=\"auto, (max-width: 320px) 100vw, 320px\" \/><\/a><\/figure>\n\n\n\n<h3 class=\"wp-block-heading\">Rezervace<\/h3>\n\n\n\n<p>Vyberte si u n\u00e1s pokoj na jednu \u010di v\u00edce noc\u00ed. Hotel Akord nab\u00edz\u00ed \u0161irokou nab\u00eddku pokoj\u016f a dodate\u010dn\u00fdch slu\u017eeb<\/p>\n\n\n<div class=\"wp-bootstrap-blocks-button\">\n\t<a\n\t\thref=\"https:\/\/dkakord.cz\/hotel\/rezervace\/\"\n\t\t\t\t\t\tclass=\"btn btn-primary\"\n\t>\n\t\tZjistit v\u00edce\t<\/a>\n<\/div>\n\n\t<\/div>\n\n\n\n<div class=\"col-12 col-sm-6 col-lg-3 mb-5\">\n\t\t\t\n\n<figure class=\"wp-block-image size-full\"><a href=\"https:\/\/dkakord.cz\/hotel\/sluzby\/\"><img loading=\"lazy\" decoding=\"async\" width=\"320\" height=\"320\" src=\"https:\/\/dkakord.cz\/hotel\/wp-content\/uploads\/2023\/04\/2.jpg\" alt=\"Slu\u017eby\" class=\"wp-image-24\" srcset=\"https:\/\/dkakord.cz\/hotel\/wp-content\/uploads\/2023\/04\/2.jpg 320w, https:\/\/dkakord.cz\/hotel\/wp-content\/uploads\/2023\/04\/2-300x300.jpg 300w, https:\/\/dkakord.cz\/hotel\/wp-content\/uploads\/2023\/04\/2-150x150.jpg 150w\" sizes=\"auto, (max-width: 320px) 100vw, 320px\" \/><\/a><\/figure>\n\n\n\n<h3 class=\"wp-block-heading\">Slu\u017eby<\/h3>\n\n\n\n<p>Hotel je sou\u010d\u00e1st\u00ed kulturn\u00edho domu v&nbsp;Ostrav\u011b-Z\u00e1b\u0159ehu. Nab\u00edz\u00edme pro v\u00e1s rozs\u00e1hl\u00e9 portfolio slu\u017eeb.<\/p>\n\n\n<div class=\"wp-bootstrap-blocks-button\">\n\t<a\n\t\thref=\"https:\/\/dkakord.cz\/hotel\/sluzby\/\"\n\t\t\t\t\t\tclass=\"btn btn-primary\"\n\t>\n\t\tZjistit v\u00edce\t<\/a>\n<\/div>\n\n\t<\/div>\n\n\n\n<div class=\"col-12 col-sm-6 col-lg-3 mb-5\">\n\t\t\t\n\n<figure class=\"wp-block-image size-full\"><a href=\"https:\/\/dkakord.cz\/hotel\/cenik\/\"><img loading=\"lazy\" decoding=\"async\" width=\"320\" height=\"320\" src=\"https:\/\/dkakord.cz\/hotel\/wp-content\/uploads\/2023\/04\/3.jpg\" alt=\"Cen\u00edk\" class=\"wp-image-25\" srcset=\"https:\/\/dkakord.cz\/hotel\/wp-content\/uploads\/2023\/04\/3.jpg 320w, https:\/\/dkakord.cz\/hotel\/wp-content\/uploads\/2023\/04\/3-300x300.jpg 300w, https:\/\/dkakord.cz\/hotel\/wp-content\/uploads\/2023\/04\/3-150x150.jpg 150w\" sizes=\"auto, (max-width: 320px) 100vw, 320px\" \/><\/a><\/figure>\n\n\n\n<h3 class=\"wp-block-heading\">Cen\u00edk<\/h3>\n\n\n\n<p>V&nbsp;cen\u011b ubytov\u00e1n\u00ed je zahrnuta i sn\u00eddan\u011b, kter\u00e1 je pod\u00e1v\u00e1na v&nbsp;na\u0161\u00ed restauraci Akord.<\/p>\n\n\n<div class=\"wp-bootstrap-blocks-button\">\n\t<a\n\t\thref=\"https:\/\/dkakord.cz\/hotel\/cenik\/\"\n\t\t\t\t\t\tclass=\"btn btn-primary\"\n\t>\n\t\tZjistit v\u00edce\t<\/a>\n<\/div>\n\n\t<\/div>\n\n\n\n<div class=\"col-12 col-sm-6 col-lg-3 mb-5\">\n\t\t\t\n\n<figure class=\"wp-block-image size-full\"><a href=\"https:\/\/dkakord.cz\/hotel\/fotogalerie\/\"><img loading=\"lazy\" decoding=\"async\" width=\"320\" height=\"320\" src=\"https:\/\/dkakord.cz\/hotel\/wp-content\/uploads\/2023\/04\/4.jpg\" alt=\"Fotogalerie\" class=\"wp-image-26\" srcset=\"https:\/\/dkakord.cz\/hotel\/wp-content\/uploads\/2023\/04\/4.jpg 320w, https:\/\/dkakord.cz\/hotel\/wp-content\/uploads\/2023\/04\/4-300x300.jpg 300w, https:\/\/dkakord.cz\/hotel\/wp-content\/uploads\/2023\/04\/4-150x150.jpg 150w\" sizes=\"auto, (max-width: 320px) 100vw, 320px\" \/><\/a><\/figure>\n\n\n\n<h3 class=\"wp-block-heading\">Fotogalerie<\/h3>\n\n\n\n<p>Pod\u00edvejte se na nab\u00eddku na\u0161ich jednol\u016f\u017ekov\u00fdch \u010di dvoul\u016f\u017ekov\u00fdch pokoj\u016f, kter\u00fdmi disponuje hotel Akord.&nbsp;<\/p>\n\n\n<div class=\"wp-bootstrap-blocks-button\">\n\t<a\n\t\thref=\"https:\/\/dkakord.cz\/hotel\/fotogalerie\/\"\n\t\t\t\t\t\tclass=\"btn btn-primary\"\n\t>\n\t\tZjistit v\u00edce\t<\/a>\n<\/div>\n\n\t<\/div>\n\n<\/div>\n\n\n\n<h2 class=\"wp-block-heading main-title\">O hotelu Akord<\/h2>\n\n\n<div class=\"wp-bootstrap-blocks-row row gx-lg-5 pb-5\">\n\t\n\n<div class=\"col-12 col-md-6\">\n\t\t\t\n\n<p><strong>Vyu\u017eijte pohodln\u00e9 a cenov\u011b dostupn\u00e9 ubytov\u00e1n\u00ed v Ostrav\u011b. <\/strong><\/p>\n\n\n\n<p>Jste z daleka a nechce se V\u00e1m po plese, divadle, \u0161kolen\u00ed nebo firemn\u00ed akci dom\u016f? Zajist\u011bte si ubytov\u00e1n\u00ed v na\u0161em \u00fatuln\u00e9m hotelu.<\/p>\n\n\n\n<p>Hotel Akord*** se nach\u00e1z\u00ed v klidn\u00e9 ji\u017en\u00ed \u010d\u00e1sti Ostravy nedaleko centra m\u011bsta pobl\u00ed\u017e rozlehl\u00e9ho lesoparku B\u011blsk\u00fd les a sportovn\u011b-rekrea\u010dn\u00ed z\u00f3ny regionu Ostrava-Jih. P\u0159\u00edznivci letn\u00edho koup\u00e1n\u00ed ocen\u00ed bezprost\u0159edn\u00ed bl\u00edzkost (asi 1 minuta ch\u016fze) Aquaparku s rozs\u00e1hl\u00fdmi travnat\u00fdmi plochami, n\u011bkolika baz\u00e9ny, tobog\u00e1ny a sportovn\u00edmi h\u0159i\u0161ti. Nedaleko hotelu se nach\u00e1z\u00ed OSTRAVAR ar\u00e9na (asi 6 minut autem). <\/p>\n\n\n\n<p>Hotel je situov\u00e1n ve dvou podla\u017e\u00edch kulturn\u00edho domu Akord. Budova je bezbari\u00e9rov\u00e1. V na\u0161ich modern\u011b za\u0159\u00edzen\u00fdch pokoj\u00edch, vybaven\u00fdch dle standard\u016f t\u0159\u00edhv\u011bzdi\u010dkov\u00e9ho hotelu, m\u016f\u017eete vyu\u017e\u00edt televizor, lednici, klimatizaci a Wifi p\u0159ipojen\u00ed zdarma (heslo V\u00e1m sd\u011bl\u00ed recep\u010dn\u00ed p\u0159i ubytov\u00e1n\u00ed).<\/p>\n\n\t<\/div>\n\n\n\n<div class=\"col-12 col-md-6\">\n\t\t\t\n\n<p>Pokoje maj\u00ed vlastn\u00ed soci\u00e1ln\u00ed za\u0159\u00edzen\u00ed se sprchov\u00fdm koutem (s v\u00fdjimkou pokoj\u016f se spole\u010dn\u00fdm soci\u00e1ln\u00edm za\u0159\u00edzen\u00edm). Bezplatn\u00e9 parkovi\u0161t\u011b je p\u0159\u00edmo za budovou Akord, placen\u00e9 (od 8:00 do 18:00 hodin) p\u0159ed budovou. Do budovy nen\u00ed povolen vstup se zv\u00ed\u0159aty. <\/p>\n\n\n\n<p><strong>Nab\u00edz\u00edme <\/strong><br><strong>8 dvoul\u016f\u017ekov\u00fdch pokoj\u016f<\/strong> (4 pokoje s odd\u011blen\u00fdmi postelemi, 4 pokoje se spojen\u00fdmi postelemi) <br><strong>2 jednol\u016f\u017ekov\u00e9 pokoje s vlastn\u00edm soci\u00e1ln\u00edm za\u0159\u00edzen\u00edm <br>2 jednol\u016f\u017ekov\u00e9 pokoje se *spole\u010dn\u00fdm soci\u00e1ln\u00edm za\u0159\u00edzen\u00edm <\/strong><br><strong>*<\/strong>spole\u010dn\u00e9 soci\u00e1ln\u00ed za\u0159\u00edzen\u00ed je v r\u00e1mci jedn\u00e9 bu\u0148ky (2 pokoje + sprchov\u00fd kout a wc)<\/p>\n\n\t<\/div>\n\n<\/div>\n\n\n\n<p><\/p>\n","protected":false},"excerpt":{"rendered":"<p>Nab\u00edz\u00edme O hotelu Akord<\/p>\n","protected":false},"author":1,"featured_media":0,"parent":0,"menu_order":0,"comment_status":"closed","ping_status":"open","template":"","meta":{"inline_featured_image":false,"footnotes":""},"class_list":["post-2","page","type-page","status-publish","hentry"],"acf":[],"yoast_head":"<!-- This site is optimized with the Yoast SEO plugin v23.9 - https:\/\/yoast.com\/wordpress\/plugins\/seo\/ -->\n<title>Hotel Akord - Hotel Akord<\/title>\n<meta name=\"robots\" content=\"index, follow, max-snippet:-1, max-image-preview:large, max-video-preview:-1\" \/>\n<link rel=\"canonical\" href=\"https:\/\/dkakord.cz\/hotel\/\" \/>\n<meta property=\"og:locale\" content=\"cs_CZ\" \/>\n<meta property=\"og:type\" content=\"article\" \/>\n<meta property=\"og:title\" content=\"Hotel Akord - Hotel Akord\" \/>\n<meta property=\"og:description\" content=\"Nab\u00edz\u00edme O hotelu Akord\" \/>\n<meta property=\"og:url\" content=\"https:\/\/dkakord.cz\/hotel\/\" \/>\n<meta property=\"og:site_name\" content=\"Hotel Akord\" \/>\n<meta property=\"article:modified_time\" content=\"2025-09-02T09:38:12+00:00\" \/>\n<meta property=\"og:image\" content=\"https:\/\/dkakord.cz\/hotel\/wp-content\/uploads\/2023\/04\/1.jpg\" \/>\n\t<meta property=\"og:image:width\" content=\"320\" \/>\n\t<meta property=\"og:image:height\" content=\"320\" \/>\n\t<meta property=\"og:image:type\" content=\"image\/jpeg\" \/>\n<meta name=\"twitter:card\" content=\"summary_large_image\" \/>\n<meta name=\"twitter:label1\" content=\"Odhadovan\u00e1 doba \u010dten\u00ed\" \/>\n\t<meta name=\"twitter:data1\" content=\"3 minuty\" \/>\n<script type=\"application\/ld+json\" class=\"yoast-schema-graph\">{\"@context\":\"https:\/\/schema.org\",\"@graph\":[{\"@type\":\"WebPage\",\"@id\":\"https:\/\/dkakord.cz\/hotel\/\",\"url\":\"https:\/\/dkakord.cz\/hotel\/\",\"name\":\"Hotel Akord - Hotel Akord\",\"isPartOf\":{\"@id\":\"https:\/\/dkakord.cz\/hotel\/#website\"},\"primaryImageOfPage\":{\"@id\":\"https:\/\/dkakord.cz\/hotel\/#primaryimage\"},\"image\":{\"@id\":\"https:\/\/dkakord.cz\/hotel\/#primaryimage\"},\"thumbnailUrl\":\"https:\/\/dkakord.cz\/hotel\/wp-content\/uploads\/2023\/04\/1.jpg\",\"datePublished\":\"2023-04-19T11:25:20+00:00\",\"dateModified\":\"2025-09-02T09:38:12+00:00\",\"breadcrumb\":{\"@id\":\"https:\/\/dkakord.cz\/hotel\/#breadcrumb\"},\"inLanguage\":\"cs\",\"potentialAction\":[{\"@type\":\"ReadAction\",\"target\":[\"https:\/\/dkakord.cz\/hotel\/\"]}]},{\"@type\":\"ImageObject\",\"inLanguage\":\"cs\",\"@id\":\"https:\/\/dkakord.cz\/hotel\/#primaryimage\",\"url\":\"https:\/\/dkakord.cz\/hotel\/wp-content\/uploads\/2023\/04\/1.jpg\",\"contentUrl\":\"https:\/\/dkakord.cz\/hotel\/wp-content\/uploads\/2023\/04\/1.jpg\",\"width\":320,\"height\":320,\"caption\":\"Rezervace\"},{\"@type\":\"BreadcrumbList\",\"@id\":\"https:\/\/dkakord.cz\/hotel\/#breadcrumb\",\"itemListElement\":[{\"@type\":\"ListItem\",\"position\":1,\"name\":\"Dom\u016f\",\"item\":\"https:\/\/dkakord.cz\/hotel\/\"},{\"@type\":\"ListItem\",\"position\":2,\"name\":\"Hotel Akord\"}]},{\"@type\":\"WebSite\",\"@id\":\"https:\/\/dkakord.cz\/hotel\/#website\",\"url\":\"https:\/\/dkakord.cz\/hotel\/\",\"name\":\"Hotel Akord\",\"description\":\"\",\"potentialAction\":[{\"@type\":\"SearchAction\",\"target\":{\"@type\":\"EntryPoint\",\"urlTemplate\":\"https:\/\/dkakord.cz\/hotel\/?s={search_term_string}\"},\"query-input\":{\"@type\":\"PropertyValueSpecification\",\"valueRequired\":true,\"valueName\":\"search_term_string\"}}],\"inLanguage\":\"cs\"}]}<\/script>\n<!-- \/ Yoast SEO plugin. -->","yoast_head_json":{"title":"Hotel Akord - Hotel Akord","robots":{"index":"index","follow":"follow","max-snippet":"max-snippet:-1","max-image-preview":"max-image-preview:large","max-video-preview":"max-video-preview:-1"},"canonical":"https:\/\/dkakord.cz\/hotel\/","og_locale":"cs_CZ","og_type":"article","og_title":"Hotel Akord - Hotel Akord","og_description":"Nab\u00edz\u00edme O hotelu Akord","og_url":"https:\/\/dkakord.cz\/hotel\/","og_site_name":"Hotel Akord","article_modified_time":"2025-09-02T09:38:12+00:00","og_image":[{"width":320,"height":320,"url":"https:\/\/dkakord.cz\/hotel\/wp-content\/uploads\/2023\/04\/1.jpg","type":"image\/jpeg"}],"twitter_card":"summary_large_image","twitter_misc":{"Odhadovan\u00e1 doba \u010dten\u00ed":"3 minuty"},"schema":{"@context":"https:\/\/schema.org","@graph":[{"@type":"WebPage","@id":"https:\/\/dkakord.cz\/hotel\/","url":"https:\/\/dkakord.cz\/hotel\/","name":"Hotel Akord - Hotel Akord","isPartOf":{"@id":"https:\/\/dkakord.cz\/hotel\/#website"},"primaryImageOfPage":{"@id":"https:\/\/dkakord.cz\/hotel\/#primaryimage"},"image":{"@id":"https:\/\/dkakord.cz\/hotel\/#primaryimage"},"thumbnailUrl":"https:\/\/dkakord.cz\/hotel\/wp-content\/uploads\/2023\/04\/1.jpg","datePublished":"2023-04-19T11:25:20+00:00","dateModified":"2025-09-02T09:38:12+00:00","breadcrumb":{"@id":"https:\/\/dkakord.cz\/hotel\/#breadcrumb"},"inLanguage":"cs","potentialAction":[{"@type":"ReadAction","target":["https:\/\/dkakord.cz\/hotel\/"]}]},{"@type":"ImageObject","inLanguage":"cs","@id":"https:\/\/dkakord.cz\/hotel\/#primaryimage","url":"https:\/\/dkakord.cz\/hotel\/wp-content\/uploads\/2023\/04\/1.jpg","contentUrl":"https:\/\/dkakord.cz\/hotel\/wp-content\/uploads\/2023\/04\/1.jpg","width":320,"height":320,"caption":"Rezervace"},{"@type":"BreadcrumbList","@id":"https:\/\/dkakord.cz\/hotel\/#breadcrumb","itemListElement":[{"@type":"ListItem","position":1,"name":"Dom\u016f","item":"https:\/\/dkakord.cz\/hotel\/"},{"@type":"ListItem","position":2,"name":"Hotel Akord"}]},{"@type":"WebSite","@id":"https:\/\/dkakord.cz\/hotel\/#website","url":"https:\/\/dkakord.cz\/hotel\/","name":"Hotel Akord","description":"","potentialAction":[{"@type":"SearchAction","target":{"@type":"EntryPoint","urlTemplate":"https:\/\/dkakord.cz\/hotel\/?s={search_term_string}"},"query-input":{"@type":"PropertyValueSpecification","valueRequired":true,"valueName":"search_term_string"}}],"inLanguage":"cs"}]}},"_links":{"self":[{"href":"https:\/\/dkakord.cz\/hotel\/wp-json\/wp\/v2\/pages\/2","targetHints":{"allow":["GET"]}}],"collection":[{"href":"https:\/\/dkakord.cz\/hotel\/wp-json\/wp\/v2\/pages"}],"about":[{"href":"https:\/\/dkakord.cz\/hotel\/wp-json\/wp\/v2\/types\/page"}],"author":[{"embeddable":true,"href":"https:\/\/dkakord.cz\/hotel\/wp-json\/wp\/v2\/users\/1"}],"replies":[{"embeddable":true,"href":"https:\/\/dkakord.cz\/hotel\/wp-json\/wp\/v2\/comments?post=2"}],"version-history":[{"count":25,"href":"https:\/\/dkakord.cz\/hotel\/wp-json\/wp\/v2\/pages\/2\/revisions"}],"predecessor-version":[{"id":405,"href":"https:\/\/dkakord.cz\/hotel\/wp-json\/wp\/v2\/pages\/2\/revisions\/405"}],"wp:attachment":[{"href":"https:\/\/dkakord.cz\/hotel\/wp-json\/wp\/v2\/media?parent=2"}],"curies":[{"name":"wp","href":"https:\/\/api.w.org\/{rel}","templated":true}]}}